{"id":1587,"date":"2025-03-12T09:35:51","date_gmt":"2025-03-12T08:35:51","guid":{"rendered":"https:\/\/lamartafotografa.com\/?page_id=1587"},"modified":"2025-07-25T11:10:41","modified_gmt":"2025-07-25T09:10:41","slug":"navidad","status":"publish","type":"page","link":"https:\/\/lamartafotografa.com\/ca\/navidad\/","title":{"rendered":"Nadal"},"content":{"rendered":"<div data-elementor-type=\"wp-page\" data-elementor-id=\"1587\" class=\"elementor elementor-1587\" data-elementor-post-type=\"page\">\n\t\t\t\t<div data-particle_enable=\"false\" data-particle-mobile-disabled=\"false\" class=\"elementor-element elementor-element-3120610 e-flex e-con-boxed e-con e-parent\" data-id=\"3120610\" data-element_type=\"container\" data-settings=\"{&quot;background_background&quot;:&quot;video&quot;,&quot;background_video_start&quot;:15,&quot;background_video_link&quot;:&quot;https:\\\/\\\/lamartafotografa.com\\\/wp-content\\\/uploads\\\/2025\\\/07\\\/Reel-Nadal-2024-Marta-Final-1.mp4&quot;,&quot;background_video_end&quot;:-11}\">\n\t\t\t\t\t<div class=\"e-con-inner\">\n\t\t<div class=\"elementor-background-video-container elementor-hidden-mobile\" aria-hidden=\"true\">\n\t\t\t\t\t\t\t<video class=\"elementor-background-video-hosted\" autoplay muted playsinline loop><\/video>\n\t\t\t\t\t<\/div>\t\t<div class=\"elementor-element elementor-element-fbb9159 elementor-widget elementor-widget-heading\" data-id=\"fbb9159\" data-element_type=\"widget\" data-widget_type=\"heading.default\">\n\t\t\t\t<div class=\"elementor-widget-container\">\n\t\t\t\t\t<h2 class=\"elementor-heading-title elementor-size-default\">EL NADAL M\u00c9S M\u00c0GIC<\/h2>\t\t\t\t<\/div>\n\t\t\t\t<\/div>\n\t\t\t\t\t<\/div>\n\t\t\t\t<\/div>\n\t\t<div data-particle_enable=\"false\" data-particle-mobile-disabled=\"false\" class=\"elementor-element elementor-element-d0de1cf e-con-full e-grid e-con e-parent\" data-id=\"d0de1cf\" data-element_type=\"container\">\n\t\t\t\t<div class=\"elementor-element elementor-element-59266ad elementor-widget elementor-widget-image\" data-id=\"59266ad\" data-element_type=\"widget\" data-widget_type=\"image.default\">\n\t\t\t\t<div class=\"elementor-widget-container\">\n\t\t\t\t\t\t\t\t\t\t\t\t\t\t\t<img fetchpriority=\"high\" decoding=\"async\" width=\"1024\" height=\"683\" src=\"https:\/\/lamartafotografa.com\/wp-content\/uploads\/2025\/07\/E3A9898-1024x683.jpg\" class=\"attachment-large size-large wp-image-1661\" alt=\"\" srcset=\"https:\/\/lamartafotografa.com\/wp-content\/uploads\/2025\/07\/E3A9898-1024x683.jpg 1024w, https:\/\/lamartafotografa.com\/wp-content\/uploads\/2025\/07\/E3A9898-300x200.jpg 300w, https:\/\/lamartafotografa.com\/wp-content\/uploads\/2025\/07\/E3A9898-768x512.jpg 768w, https:\/\/lamartafotografa.com\/wp-content\/uploads\/2025\/07\/E3A9898-1536x1024.jpg 1536w, https:\/\/lamartafotografa.com\/wp-content\/uploads\/2025\/07\/E3A9898-2048x1365.jpg 2048w, https:\/\/lamartafotografa.com\/wp-content\/uploads\/2025\/07\/E3A9898-18x12.jpg 18w, https:\/\/lamartafotografa.com\/wp-content\/uploads\/2025\/07\/E3A9898-500x333.jpg 500w, https:\/\/lamartafotografa.com\/wp-content\/uploads\/2025\/07\/E3A9898-800x533.jpg 800w, https:\/\/lamartafotografa.com\/wp-content\/uploads\/2025\/07\/E3A9898-1280x853.jpg 1280w, https:\/\/lamartafotografa.com\/wp-content\/uploads\/2025\/07\/E3A9898-1920x1280.jpg 1920w, https:\/\/lamartafotografa.com\/wp-content\/uploads\/2025\/07\/E3A9898-930x620.jpg 930w\" sizes=\"(max-width: 1024px) 100vw, 1024px\" \/>\t\t\t\t\t\t\t\t\t\t\t\t\t\t\t<\/div>\n\t\t\t\t<\/div>\n\t\t\t\t<div class=\"elementor-element elementor-element-0becaa2 elementor-widget elementor-widget-image\" data-id=\"0becaa2\" data-element_type=\"widget\" data-widget_type=\"image.default\">\n\t\t\t\t<div class=\"elementor-widget-container\">\n\t\t\t\t\t\t\t\t\t\t\t\t\t\t\t<img decoding=\"async\" width=\"1024\" height=\"683\" src=\"https:\/\/lamartafotografa.com\/wp-content\/uploads\/2025\/07\/4M8A9928-1024x683.jpg\" class=\"attachment-large size-large wp-image-1666\" alt=\"\" srcset=\"https:\/\/lamartafotografa.com\/wp-content\/uploads\/2025\/07\/4M8A9928-1024x683.jpg 1024w, https:\/\/lamartafotografa.com\/wp-content\/uploads\/2025\/07\/4M8A9928-300x200.jpg 300w, https:\/\/lamartafotografa.com\/wp-content\/uploads\/2025\/07\/4M8A9928-768x512.jpg 768w, https:\/\/lamartafotografa.com\/wp-content\/uploads\/2025\/07\/4M8A9928-1536x1024.jpg 1536w, https:\/\/lamartafotografa.com\/wp-content\/uploads\/2025\/07\/4M8A9928-2048x1365.jpg 2048w, https:\/\/lamartafotografa.com\/wp-content\/uploads\/2025\/07\/4M8A9928-18x12.jpg 18w, https:\/\/lamartafotografa.com\/wp-content\/uploads\/2025\/07\/4M8A9928-500x333.jpg 500w, https:\/\/lamartafotografa.com\/wp-content\/uploads\/2025\/07\/4M8A9928-800x533.jpg 800w, https:\/\/lamartafotografa.com\/wp-content\/uploads\/2025\/07\/4M8A9928-1280x853.jpg 1280w, https:\/\/lamartafotografa.com\/wp-content\/uploads\/2025\/07\/4M8A9928-1920x1280.jpg 1920w, https:\/\/lamartafotografa.com\/wp-content\/uploads\/2025\/07\/4M8A9928-930x620.jpg 930w\" sizes=\"(max-width: 1024px) 100vw, 1024px\" \/>\t\t\t\t\t\t\t\t\t\t\t\t\t\t\t<\/div>\n\t\t\t\t<\/div>\n\t\t\t\t<div class=\"elementor-element elementor-element-97ad457 elementor-widget elementor-widget-image\" data-id=\"97ad457\" data-element_type=\"widget\" data-widget_type=\"image.default\">\n\t\t\t\t<div class=\"elementor-widget-container\">\n\t\t\t\t\t\t\t\t\t\t\t\t\t\t\t<img decoding=\"async\" width=\"1024\" height=\"683\" src=\"https:\/\/lamartafotografa.com\/wp-content\/uploads\/2025\/07\/E3A0236-1024x683.jpg\" class=\"attachment-large size-large wp-image-1665\" alt=\"\" srcset=\"https:\/\/lamartafotografa.com\/wp-content\/uploads\/2025\/07\/E3A0236-1024x683.jpg 1024w, https:\/\/lamartafotografa.com\/wp-content\/uploads\/2025\/07\/E3A0236-300x200.jpg 300w, https:\/\/lamartafotografa.com\/wp-content\/uploads\/2025\/07\/E3A0236-768x512.jpg 768w, https:\/\/lamartafotografa.com\/wp-content\/uploads\/2025\/07\/E3A0236-1536x1024.jpg 1536w, https:\/\/lamartafotografa.com\/wp-content\/uploads\/2025\/07\/E3A0236-2048x1365.jpg 2048w, https:\/\/lamartafotografa.com\/wp-content\/uploads\/2025\/07\/E3A0236-18x12.jpg 18w, https:\/\/lamartafotografa.com\/wp-content\/uploads\/2025\/07\/E3A0236-500x333.jpg 500w, https:\/\/lamartafotografa.com\/wp-content\/uploads\/2025\/07\/E3A0236-800x533.jpg 800w, https:\/\/lamartafotografa.com\/wp-content\/uploads\/2025\/07\/E3A0236-1280x853.jpg 1280w, https:\/\/lamartafotografa.com\/wp-content\/uploads\/2025\/07\/E3A0236-1920x1280.jpg 1920w, https:\/\/lamartafotografa.com\/wp-content\/uploads\/2025\/07\/E3A0236-930x620.jpg 930w\" sizes=\"(max-width: 1024px) 100vw, 1024px\" \/>\t\t\t\t\t\t\t\t\t\t\t\t\t\t\t<\/div>\n\t\t\t\t<\/div>\n\t\t\t\t<\/div>\n\t\t<div data-particle_enable=\"false\" data-particle-mobile-disabled=\"false\" class=\"elementor-element elementor-element-7a1c022 e-grid e-con-boxed e-con e-parent\" data-id=\"7a1c022\" data-element_type=\"container\">\n\t\t\t\t\t<div class=\"e-con-inner\">\n\t\t\t\t<div class=\"elementor-element elementor-element-bed6551 elementor-widget elementor-widget-image\" data-id=\"bed6551\" data-element_type=\"widget\" data-widget_type=\"image.default\">\n\t\t\t\t<div class=\"elementor-widget-container\">\n\t\t\t\t\t\t\t\t\t\t\t\t\t\t\t<img loading=\"lazy\" decoding=\"async\" width=\"683\" height=\"1024\" src=\"https:\/\/lamartafotografa.com\/wp-content\/uploads\/2025\/07\/3E3A7358-683x1024.jpg\" class=\"attachment-large size-large wp-image-1653\" alt=\"\" srcset=\"https:\/\/lamartafotografa.com\/wp-content\/uploads\/2025\/07\/3E3A7358-683x1024.jpg 683w, https:\/\/lamartafotografa.com\/wp-content\/uploads\/2025\/07\/3E3A7358-200x300.jpg 200w, https:\/\/lamartafotografa.com\/wp-content\/uploads\/2025\/07\/3E3A7358-768x1152.jpg 768w, https:\/\/lamartafotografa.com\/wp-content\/uploads\/2025\/07\/3E3A7358-1024x1536.jpg 1024w, https:\/\/lamartafotografa.com\/wp-content\/uploads\/2025\/07\/3E3A7358-1365x2048.jpg 1365w, https:\/\/lamartafotografa.com\/wp-content\/uploads\/2025\/07\/3E3A7358-8x12.jpg 8w, https:\/\/lamartafotografa.com\/wp-content\/uploads\/2025\/07\/3E3A7358-500x750.jpg 500w, https:\/\/lamartafotografa.com\/wp-content\/uploads\/2025\/07\/3E3A7358-800x1200.jpg 800w, https:\/\/lamartafotografa.com\/wp-content\/uploads\/2025\/07\/3E3A7358-1280x1920.jpg 1280w, https:\/\/lamartafotografa.com\/wp-content\/uploads\/2025\/07\/3E3A7358-1920x2880.jpg 1920w, https:\/\/lamartafotografa.com\/wp-content\/uploads\/2025\/07\/3E3A7358-scaled.jpg 1707w\" sizes=\"(max-width: 683px) 100vw, 683px\" \/>\t\t\t\t\t\t\t\t\t\t\t\t\t\t\t<\/div>\n\t\t\t\t<\/div>\n\t\t\t\t<div class=\"elementor-element elementor-element-13412db elementor-widget elementor-widget-image\" data-id=\"13412db\" data-element_type=\"widget\" data-widget_type=\"image.default\">\n\t\t\t\t<div class=\"elementor-widget-container\">\n\t\t\t\t\t\t\t\t\t\t\t\t\t\t\t<img loading=\"lazy\" decoding=\"async\" width=\"576\" height=\"1024\" src=\"https:\/\/lamartafotografa.com\/wp-content\/uploads\/2025\/07\/E3A9985story-576x1024.jpg\" class=\"attachment-large size-large wp-image-1657\" alt=\"\" srcset=\"https:\/\/lamartafotografa.com\/wp-content\/uploads\/2025\/07\/E3A9985story-576x1024.jpg 576w, https:\/\/lamartafotografa.com\/wp-content\/uploads\/2025\/07\/E3A9985story-169x300.jpg 169w, https:\/\/lamartafotografa.com\/wp-content\/uploads\/2025\/07\/E3A9985story-768x1365.jpg 768w, https:\/\/lamartafotografa.com\/wp-content\/uploads\/2025\/07\/E3A9985story-864x1536.jpg 864w, https:\/\/lamartafotografa.com\/wp-content\/uploads\/2025\/07\/E3A9985story-7x12.jpg 7w, https:\/\/lamartafotografa.com\/wp-content\/uploads\/2025\/07\/E3A9985story-500x889.jpg 500w, https:\/\/lamartafotografa.com\/wp-content\/uploads\/2025\/07\/E3A9985story-800x1422.jpg 800w, https:\/\/lamartafotografa.com\/wp-content\/uploads\/2025\/07\/E3A9985story.jpg 1080w\" sizes=\"(max-width: 576px) 100vw, 576px\" \/>\t\t\t\t\t\t\t\t\t\t\t\t\t\t\t<\/div>\n\t\t\t\t<\/div>\n\t\t\t\t<div class=\"elementor-element elementor-element-e59a050 elementor-widget elementor-widget-image\" data-id=\"e59a050\" data-element_type=\"widget\" data-widget_type=\"image.default\">\n\t\t\t\t<div class=\"elementor-widget-container\">\n\t\t\t\t\t\t\t\t\t\t\t\t\t\t\t<img loading=\"lazy\" decoding=\"async\" width=\"683\" height=\"1024\" src=\"https:\/\/lamartafotografa.com\/wp-content\/uploads\/2025\/07\/3E3A9208snow-683x1024.jpg\" class=\"attachment-large size-large wp-image-1654\" alt=\"\" srcset=\"https:\/\/lamartafotografa.com\/wp-content\/uploads\/2025\/07\/3E3A9208snow-683x1024.jpg 683w, https:\/\/lamartafotografa.com\/wp-content\/uploads\/2025\/07\/3E3A9208snow-200x300.jpg 200w, https:\/\/lamartafotografa.com\/wp-content\/uploads\/2025\/07\/3E3A9208snow-768x1152.jpg 768w, https:\/\/lamartafotografa.com\/wp-content\/uploads\/2025\/07\/3E3A9208snow-1024x1536.jpg 1024w, https:\/\/lamartafotografa.com\/wp-content\/uploads\/2025\/07\/3E3A9208snow-1365x2048.jpg 1365w, https:\/\/lamartafotografa.com\/wp-content\/uploads\/2025\/07\/3E3A9208snow-8x12.jpg 8w, https:\/\/lamartafotografa.com\/wp-content\/uploads\/2025\/07\/3E3A9208snow-500x750.jpg 500w, https:\/\/lamartafotografa.com\/wp-content\/uploads\/2025\/07\/3E3A9208snow-800x1200.jpg 800w, https:\/\/lamartafotografa.com\/wp-content\/uploads\/2025\/07\/3E3A9208snow-1280x1920.jpg 1280w, https:\/\/lamartafotografa.com\/wp-content\/uploads\/2025\/07\/3E3A9208snow-1920x2880.jpg 1920w, https:\/\/lamartafotografa.com\/wp-content\/uploads\/2025\/07\/3E3A9208snow-scaled.jpg 1707w\" sizes=\"(max-width: 683px) 100vw, 683px\" \/>\t\t\t\t\t\t\t\t\t\t\t\t\t\t\t<\/div>\n\t\t\t\t<\/div>\n\t\t\t\t\t<\/div>\n\t\t\t\t<\/div>\n\t\t<div data-particle_enable=\"false\" data-particle-mobile-disabled=\"false\" class=\"elementor-element elementor-element-5fa41ec e-flex e-con-boxed e-con e-parent\" data-id=\"5fa41ec\" data-element_type=\"container\">\n\t\t\t\t\t<div class=\"e-con-inner\">\n\t\t\t\t<div class=\"elementor-element elementor-element-ca18156 elementor-widget elementor-widget-image\" data-id=\"ca18156\" data-element_type=\"widget\" data-widget_type=\"image.default\">\n\t\t\t\t<div class=\"elementor-widget-container\">\n\t\t\t\t\t\t\t\t\t\t\t\t\t\t\t<img loading=\"lazy\" decoding=\"async\" width=\"1024\" height=\"683\" src=\"https:\/\/lamartafotografa.com\/wp-content\/uploads\/2025\/07\/E3A1478snow-1024x683.jpg\" class=\"attachment-large size-large wp-image-1668\" alt=\"\" srcset=\"https:\/\/lamartafotografa.com\/wp-content\/uploads\/2025\/07\/E3A1478snow-1024x683.jpg 1024w, https:\/\/lamartafotografa.com\/wp-content\/uploads\/2025\/07\/E3A1478snow-300x200.jpg 300w, https:\/\/lamartafotografa.com\/wp-content\/uploads\/2025\/07\/E3A1478snow-768x512.jpg 768w, https:\/\/lamartafotografa.com\/wp-content\/uploads\/2025\/07\/E3A1478snow-1536x1024.jpg 1536w, https:\/\/lamartafotografa.com\/wp-content\/uploads\/2025\/07\/E3A1478snow-2048x1365.jpg 2048w, https:\/\/lamartafotografa.com\/wp-content\/uploads\/2025\/07\/E3A1478snow-18x12.jpg 18w, https:\/\/lamartafotografa.com\/wp-content\/uploads\/2025\/07\/E3A1478snow-500x333.jpg 500w, https:\/\/lamartafotografa.com\/wp-content\/uploads\/2025\/07\/E3A1478snow-800x533.jpg 800w, https:\/\/lamartafotografa.com\/wp-content\/uploads\/2025\/07\/E3A1478snow-1280x853.jpg 1280w, https:\/\/lamartafotografa.com\/wp-content\/uploads\/2025\/07\/E3A1478snow-1920x1280.jpg 1920w, https:\/\/lamartafotografa.com\/wp-content\/uploads\/2025\/07\/E3A1478snow-930x620.jpg 930w\" sizes=\"(max-width: 1024px) 100vw, 1024px\" \/>\t\t\t\t\t\t\t\t\t\t\t\t\t\t\t<\/div>\n\t\t\t\t<\/div>\n\t\t\t\t<div class=\"elementor-element elementor-element-879ce7a elementor-widget elementor-widget-image\" data-id=\"879ce7a\" data-element_type=\"widget\" data-widget_type=\"image.default\">\n\t\t\t\t<div class=\"elementor-widget-container\">\n\t\t\t\t\t\t\t\t\t\t\t\t\t\t\t<img loading=\"lazy\" decoding=\"async\" width=\"683\" height=\"1024\" src=\"https:\/\/lamartafotografa.com\/wp-content\/uploads\/2025\/07\/E3A9923-Editar-683x1024.jpg\" class=\"attachment-large size-large wp-image-1731\" alt=\"\" srcset=\"https:\/\/lamartafotografa.com\/wp-content\/uploads\/2025\/07\/E3A9923-Editar-683x1024.jpg 683w, https:\/\/lamartafotografa.com\/wp-content\/uploads\/2025\/07\/E3A9923-Editar-200x300.jpg 200w, https:\/\/lamartafotografa.com\/wp-content\/uploads\/2025\/07\/E3A9923-Editar-768x1152.jpg 768w, https:\/\/lamartafotografa.com\/wp-content\/uploads\/2025\/07\/E3A9923-Editar-1024x1536.jpg 1024w, https:\/\/lamartafotografa.com\/wp-content\/uploads\/2025\/07\/E3A9923-Editar-1365x2048.jpg 1365w, https:\/\/lamartafotografa.com\/wp-content\/uploads\/2025\/07\/E3A9923-Editar-8x12.jpg 8w, https:\/\/lamartafotografa.com\/wp-content\/uploads\/2025\/07\/E3A9923-Editar-500x750.jpg 500w, https:\/\/lamartafotografa.com\/wp-content\/uploads\/2025\/07\/E3A9923-Editar-800x1200.jpg 800w, https:\/\/lamartafotografa.com\/wp-content\/uploads\/2025\/07\/E3A9923-Editar-1280x1920.jpg 1280w, https:\/\/lamartafotografa.com\/wp-content\/uploads\/2025\/07\/E3A9923-Editar-1920x2880.jpg 1920w, https:\/\/lamartafotografa.com\/wp-content\/uploads\/2025\/07\/E3A9923-Editar-scaled.jpg 1707w\" sizes=\"(max-width: 683px) 100vw, 683px\" \/>\t\t\t\t\t\t\t\t\t\t\t\t\t\t\t<\/div>\n\t\t\t\t<\/div>\n\t\t\t\t<div class=\"elementor-element elementor-element-32dd44f elementor-widget elementor-widget-image\" data-id=\"32dd44f\" data-element_type=\"widget\" data-widget_type=\"image.default\">\n\t\t\t\t<div class=\"elementor-widget-container\">\n\t\t\t\t\t\t\t\t\t\t\t\t\t\t\t<img loading=\"lazy\" decoding=\"async\" width=\"1024\" height=\"1024\" src=\"https:\/\/lamartafotografa.com\/wp-content\/uploads\/2025\/07\/E3A7704-1024x1024.jpg\" class=\"attachment-large size-large wp-image-1669\" alt=\"\" srcset=\"https:\/\/lamartafotografa.com\/wp-content\/uploads\/2025\/07\/E3A7704-1024x1024.jpg 1024w, https:\/\/lamartafotografa.com\/wp-content\/uploads\/2025\/07\/E3A7704-300x300.jpg 300w, https:\/\/lamartafotografa.com\/wp-content\/uploads\/2025\/07\/E3A7704-150x150.jpg 150w, https:\/\/lamartafotografa.com\/wp-content\/uploads\/2025\/07\/E3A7704-768x768.jpg 768w, https:\/\/lamartafotografa.com\/wp-content\/uploads\/2025\/07\/E3A7704-1536x1536.jpg 1536w, https:\/\/lamartafotografa.com\/wp-content\/uploads\/2025\/07\/E3A7704-2048x2048.jpg 2048w, https:\/\/lamartafotografa.com\/wp-content\/uploads\/2025\/07\/E3A7704-12x12.jpg 12w, https:\/\/lamartafotografa.com\/wp-content\/uploads\/2025\/07\/E3A7704-500x500.jpg 500w, https:\/\/lamartafotografa.com\/wp-content\/uploads\/2025\/07\/E3A7704-800x800.jpg 800w, https:\/\/lamartafotografa.com\/wp-content\/uploads\/2025\/07\/E3A7704-1280x1280.jpg 1280w, https:\/\/lamartafotografa.com\/wp-content\/uploads\/2025\/07\/E3A7704-1920x1920.jpg 1920w\" sizes=\"(max-width: 1024px) 100vw, 1024px\" \/>\t\t\t\t\t\t\t\t\t\t\t\t\t\t\t<\/div>\n\t\t\t\t<\/div>\n\t\t\t\t\t<\/div>\n\t\t\t\t<\/div>\n\t\t<div data-particle_enable=\"false\" data-particle-mobile-disabled=\"false\" class=\"elementor-element elementor-element-ca69628 e-flex e-con-boxed e-con e-parent\" data-id=\"ca69628\" data-element_type=\"container\">\n\t\t\t\t\t<div class=\"e-con-inner\">\n\t\t\t\t<div class=\"elementor-element elementor-element-b21d43f elementor-widget elementor-widget-video\" data-id=\"b21d43f\" data-element_type=\"widget\" data-settings=\"{&quot;video_type&quot;:&quot;hosted&quot;,&quot;controls&quot;:&quot;yes&quot;}\" data-widget_type=\"video.default\">\n\t\t\t\t<div class=\"elementor-widget-container\">\n\t\t\t\t\t\t\t<div class=\"e-hosted-video elementor-wrapper elementor-open-inline\">\n\t\t\t\t\t<video class=\"elementor-video\" src=\"https:\/\/lamartafotografa.com\/wp-content\/uploads\/2025\/07\/Video-Nadal-Marta-Sense-Text.mp4\" controls=\"\" preload=\"metadata\" controlslist=\"nodownload\"><\/video>\n\t\t\t\t<\/div>\n\t\t\t\t\t\t<\/div>\n\t\t\t\t<\/div>\n\t\t\t\t\t<\/div>\n\t\t\t\t<\/div>\n\t\t\t\t<\/div>","protected":false},"excerpt":{"rendered":"<p>EL NADAL M\u00c9S M\u00c0GIC https:\/\/lamartafotografa.com\/wp-content\/uploads\/2025\/07\/Video-Nadal-Marta-Sense-Text.mp4<\/p>","protected":false},"author":2,"featured_media":0,"parent":0,"menu_order":0,"comment_status":"closed","ping_status":"closed","template":"page-templates\/template-pagebuilder-full-width.php","meta":{"neve_meta_sidebar":"","neve_meta_container":"","neve_meta_enable_content_width":"","neve_meta_content_width":0,"neve_meta_title_alignment":"","neve_meta_author_avatar":"","neve_post_elements_order":"","neve_meta_disable_header":"","neve_meta_disable_footer":"","neve_meta_disable_title":"","_joinchat":[],"footnotes":""},"class_list":["post-1587","page","type-page","status-publish","hentry"],"yoast_head":"<!-- This site is optimized with the Yoast SEO plugin v25.9 - https:\/\/yoast.com\/wordpress\/plugins\/seo\/ -->\n<title>Navidad - Marta Jan\u00e9 | Fotograf\u00eda infantil y familiar en Barcelona<\/title>\n<meta name=\"robots\" content=\"index, follow, max-snippet:-1, max-image-preview:large, max-video-preview:-1\" \/>\n<link rel=\"canonical\" href=\"https:\/\/lamartafotografa.com\/ca\/navidad\/\" \/>\n<meta property=\"og:locale\" content=\"ca_ES\" \/>\n<meta property=\"og:type\" content=\"article\" \/>\n<meta property=\"og:title\" content=\"Navidad - Marta Jan\u00e9 | Fotograf\u00eda infantil y familiar en Barcelona\" \/>\n<meta property=\"og:description\" content=\"LA NAVIDAD M\u00c1S M\u00c1GICA https:\/\/lamartafotografa.com\/wp-content\/uploads\/2025\/07\/Video-Nadal-Marta-Sense-Text.mp4\" \/>\n<meta property=\"og:url\" content=\"https:\/\/lamartafotografa.com\/ca\/navidad\/\" \/>\n<meta property=\"og:site_name\" content=\"Marta Jan\u00e9 | Fotograf\u00eda infantil y familiar en Barcelona\" \/>\n<meta property=\"article:modified_time\" content=\"2025-07-25T09:10:41+00:00\" \/>\n<meta property=\"og:image\" content=\"https:\/\/lamartafotografa.com\/wp-content\/uploads\/2025\/07\/E3A9898-scaled.jpg\" \/>\n\t<meta property=\"og:image:width\" content=\"2560\" \/>\n\t<meta property=\"og:image:height\" content=\"1707\" \/>\n\t<meta property=\"og:image:type\" content=\"image\/jpeg\" \/>\n<meta name=\"twitter:card\" content=\"summary_large_image\" \/>\n<meta name=\"twitter:label1\" content=\"Temps estimat de lectura\" \/>\n\t<meta name=\"twitter:data1\" content=\"2 minuts\" \/>\n<script type=\"application\/ld+json\" class=\"yoast-schema-graph\">{\"@context\":\"https:\/\/schema.org\",\"@graph\":[{\"@type\":\"WebPage\",\"@id\":\"https:\/\/lamartafotografa.com\/navidad\/\",\"url\":\"https:\/\/lamartafotografa.com\/navidad\/\",\"name\":\"Navidad - Marta Jan\u00e9 | Fotograf\u00eda infantil y familiar en Barcelona\",\"isPartOf\":{\"@id\":\"https:\/\/lamartafotografa.com\/#website\"},\"primaryImageOfPage\":{\"@id\":\"https:\/\/lamartafotografa.com\/navidad\/#primaryimage\"},\"image\":{\"@id\":\"https:\/\/lamartafotografa.com\/navidad\/#primaryimage\"},\"thumbnailUrl\":\"https:\/\/lamartafotografa.com\/wp-content\/uploads\/2025\/07\/E3A9898-1024x683.jpg\",\"datePublished\":\"2025-03-12T08:35:51+00:00\",\"dateModified\":\"2025-07-25T09:10:41+00:00\",\"breadcrumb\":{\"@id\":\"https:\/\/lamartafotografa.com\/navidad\/#breadcrumb\"},\"inLanguage\":\"ca\",\"potentialAction\":[{\"@type\":\"ReadAction\",\"target\":[\"https:\/\/lamartafotografa.com\/navidad\/\"]}]},{\"@type\":\"ImageObject\",\"inLanguage\":\"ca\",\"@id\":\"https:\/\/lamartafotografa.com\/navidad\/#primaryimage\",\"url\":\"https:\/\/lamartafotografa.com\/wp-content\/uploads\/2025\/07\/E3A9898-1024x683.jpg\",\"contentUrl\":\"https:\/\/lamartafotografa.com\/wp-content\/uploads\/2025\/07\/E3A9898-1024x683.jpg\"},{\"@type\":\"BreadcrumbList\",\"@id\":\"https:\/\/lamartafotografa.com\/navidad\/#breadcrumb\",\"itemListElement\":[{\"@type\":\"ListItem\",\"position\":1,\"name\":\"Portada\",\"item\":\"https:\/\/lamartafotografa.com\/\"},{\"@type\":\"ListItem\",\"position\":2,\"name\":\"Navidad\"}]},{\"@type\":\"WebSite\",\"@id\":\"https:\/\/lamartafotografa.com\/#website\",\"url\":\"https:\/\/lamartafotografa.com\/\",\"name\":\"Marta Jan\u00e9 | Fotograf\u00eda infantil y familiar en Barcelona\",\"description\":\"Fotograf\u00eda infantil y familiar en Barcelona\",\"potentialAction\":[{\"@type\":\"SearchAction\",\"target\":{\"@type\":\"EntryPoint\",\"urlTemplate\":\"https:\/\/lamartafotografa.com\/?s={search_term_string}\"},\"query-input\":{\"@type\":\"PropertyValueSpecification\",\"valueRequired\":true,\"valueName\":\"search_term_string\"}}],\"inLanguage\":\"ca\"}]}<\/script>\n<!-- \/ Yoast SEO plugin. -->","yoast_head_json":{"title":"Navidad - Marta Jan\u00e9 | Fotograf\u00eda infantil y familiar en Barcelona","robots":{"index":"index","follow":"follow","max-snippet":"max-snippet:-1","max-image-preview":"max-image-preview:large","max-video-preview":"max-video-preview:-1"},"canonical":"https:\/\/lamartafotografa.com\/ca\/navidad\/","og_locale":"ca_ES","og_type":"article","og_title":"Navidad - Marta Jan\u00e9 | Fotograf\u00eda infantil y familiar en Barcelona","og_description":"LA NAVIDAD M\u00c1S M\u00c1GICA https:\/\/lamartafotografa.com\/wp-content\/uploads\/2025\/07\/Video-Nadal-Marta-Sense-Text.mp4","og_url":"https:\/\/lamartafotografa.com\/ca\/navidad\/","og_site_name":"Marta Jan\u00e9 | Fotograf\u00eda infantil y familiar en Barcelona","article_modified_time":"2025-07-25T09:10:41+00:00","og_image":[{"width":2560,"height":1707,"url":"https:\/\/lamartafotografa.com\/wp-content\/uploads\/2025\/07\/E3A9898-scaled.jpg","type":"image\/jpeg"}],"twitter_card":"summary_large_image","twitter_misc":{"Temps estimat de lectura":"2 minuts"},"schema":{"@context":"https:\/\/schema.org","@graph":[{"@type":"WebPage","@id":"https:\/\/lamartafotografa.com\/navidad\/","url":"https:\/\/lamartafotografa.com\/navidad\/","name":"Navidad - Marta Jan\u00e9 | Fotograf\u00eda infantil y familiar en Barcelona","isPartOf":{"@id":"https:\/\/lamartafotografa.com\/#website"},"primaryImageOfPage":{"@id":"https:\/\/lamartafotografa.com\/navidad\/#primaryimage"},"image":{"@id":"https:\/\/lamartafotografa.com\/navidad\/#primaryimage"},"thumbnailUrl":"https:\/\/lamartafotografa.com\/wp-content\/uploads\/2025\/07\/E3A9898-1024x683.jpg","datePublished":"2025-03-12T08:35:51+00:00","dateModified":"2025-07-25T09:10:41+00:00","breadcrumb":{"@id":"https:\/\/lamartafotografa.com\/navidad\/#breadcrumb"},"inLanguage":"ca","potentialAction":[{"@type":"ReadAction","target":["https:\/\/lamartafotografa.com\/navidad\/"]}]},{"@type":"ImageObject","inLanguage":"ca","@id":"https:\/\/lamartafotografa.com\/navidad\/#primaryimage","url":"https:\/\/lamartafotografa.com\/wp-content\/uploads\/2025\/07\/E3A9898-1024x683.jpg","contentUrl":"https:\/\/lamartafotografa.com\/wp-content\/uploads\/2025\/07\/E3A9898-1024x683.jpg"},{"@type":"BreadcrumbList","@id":"https:\/\/lamartafotografa.com\/navidad\/#breadcrumb","itemListElement":[{"@type":"ListItem","position":1,"name":"Portada","item":"https:\/\/lamartafotografa.com\/"},{"@type":"ListItem","position":2,"name":"Navidad"}]},{"@type":"WebSite","@id":"https:\/\/lamartafotografa.com\/#website","url":"https:\/\/lamartafotografa.com\/","name":"Marta Jan\u00e9 | Fotografia infantil i familiar a Barcelona","description":"Fotografia infantil i familiar a Barcelona","potentialAction":[{"@type":"SearchAction","target":{"@type":"EntryPoint","urlTemplate":"https:\/\/lamartafotografa.com\/?s={search_term_string}"},"query-input":{"@type":"PropertyValueSpecification","valueRequired":true,"valueName":"search_term_string"}}],"inLanguage":"ca"}]}},"_links":{"self":[{"href":"https:\/\/lamartafotografa.com\/ca\/wp-json\/wp\/v2\/pages\/1587","targetHints":{"allow":["GET"]}}],"collection":[{"href":"https:\/\/lamartafotografa.com\/ca\/wp-json\/wp\/v2\/pages"}],"about":[{"href":"https:\/\/lamartafotografa.com\/ca\/wp-json\/wp\/v2\/types\/page"}],"author":[{"embeddable":true,"href":"https:\/\/lamartafotografa.com\/ca\/wp-json\/wp\/v2\/users\/2"}],"replies":[{"embeddable":true,"href":"https:\/\/lamartafotografa.com\/ca\/wp-json\/wp\/v2\/comments?post=1587"}],"version-history":[{"count":44,"href":"https:\/\/lamartafotografa.com\/ca\/wp-json\/wp\/v2\/pages\/1587\/revisions"}],"predecessor-version":[{"id":1795,"href":"https:\/\/lamartafotografa.com\/ca\/wp-json\/wp\/v2\/pages\/1587\/revisions\/1795"}],"wp:attachment":[{"href":"https:\/\/lamartafotografa.com\/ca\/wp-json\/wp\/v2\/media?parent=1587"}],"curies":[{"name":"wp","href":"https:\/\/api.w.org\/{rel}","templated":true}]}}